{"id":21,"date":"2017-09-05T11:44:43","date_gmt":"2017-09-05T09:44:43","guid":{"rendered":"http:\/\/nvz.eyellusion.ch\/nvz\/?page_id=21"},"modified":"2026-02-04T21:42:04","modified_gmt":"2026-02-04T20:42:04","slug":"vereinsanlaesse","status":"publish","type":"page","link":"http:\/\/nvz-ch.org\/?page_id=21","title":{"rendered":"Vereinsanl\u00e4sse"},"content":{"rendered":"<h3>Regelm\u00e4ssige Veranstaltungen:<\/h3>\n<ul>\n<li>Jeden Sonntag Treffen der M\u00fcnzenfreunde im Restaurant Ey-Hof (Triemlistrasse 183, 8047 Z\u00fcrich) von 09.00-10.30 Uhr<\/li>\n<li>Basler M\u00fcnzenmesse zu Beginn des Jahres<\/li>\n<li>Jahresausflug jeweils im Fr\u00fchjahr\/Sommer<\/li>\n<li>Internationale M\u00fcnzenmesse Z\u00fcrich am letzten Oktoberwochenende<\/li>\n<li>Attraktive Generalversammlung im Fr\u00fchjahr mit <a href=\"http:\/\/nvz-ch.org\/wp-content\/uploads\/2025\/01\/Tauschtreffen.pdf\">Tauschtreffen<\/a> f\u00fcr unsere Mitglieder, Vortrag und Abendessen!<\/li>\n<\/ul>\n<h3>Anl\u00e4sse im laufenden und n\u00e4chsten Jahr:<\/h3>\n<ul>\n<li>53. M\u00fcnzenmesse Z\u00fcrich: 26. Oktober 2025<\/li>\n<li>53. Basler M\u00fcnzenmesse: 8. Februar 2026<\/li>\n<li>53. ordentliche Generalversammlung: 13. M\u00e4rz 2026\n<ul>\n<li><a href=\"http:\/\/nvz-ch.org\/wp-content\/uploads\/2026\/02\/Einladung-zur-Generalversammlung-2026.pdf\">Einladung zur Generalversammlung 2026<\/a><\/li>\n<li><a href=\"http:\/\/nvz-ch.org\/wp-content\/uploads\/2026\/02\/Tauschtreffen-vor-der-GV-2026.pdf\">Tauschtreffen vor der GV 2026<\/a><\/li>\n<\/ul>\n<\/li>\n<\/ul>\n","protected":false},"excerpt":{"rendered":"<p>Regelm\u00e4ssige Veranstaltungen: Jeden Sonntag Treffen der M\u00fcnzenfreunde im Restaurant Ey-Hof (Triemlistrasse 183, 8047 Z\u00fcrich) von 09.00-10.30 Uhr Basler M\u00fcnzenmesse zu Beginn des Jahres Jahresausflug jeweils im Fr\u00fchjahr\/Sommer Internationale M\u00fcnzenmesse Z\u00fcrich am letzten Oktoberwochenende Attraktive Generalversammlung im Fr\u00fchjahr mit Tauschtreffen f\u00fcr unsere Mitglieder, Vortrag und Abendessen! Anl\u00e4sse im laufenden und n\u00e4chsten Jahr: 53. M\u00fcnzenmesse Z\u00fcrich: 26. &hellip; <\/p>\n<p class=\"link-more\"><a href=\"http:\/\/nvz-ch.org\/?page_id=21\" class=\"more-link\"><span class=\"screen-reader-text\">&#171;Vereinsanl\u00e4sse&#187;<\/span> weiterlesen<\/a><\/p>\n","protected":false},"author":1,"featured_media":0,"parent":0,"menu_order":0,"comment_status":"closed","ping_status":"closed","template":"","meta":[],"_links":{"self":[{"href":"http:\/\/nvz-ch.org\/index.php?rest_route=\/wp\/v2\/pages\/21"}],"collection":[{"href":"http:\/\/nvz-ch.org\/index.php?rest_route=\/wp\/v2\/pages"}],"about":[{"href":"http:\/\/nvz-ch.org\/index.php?rest_route=\/wp\/v2\/types\/page"}],"author":[{"embeddable":true,"href":"http:\/\/nvz-ch.org\/index.php?rest_route=\/wp\/v2\/users\/1"}],"replies":[{"embeddable":true,"href":"http:\/\/nvz-ch.org\/index.php?rest_route=%2Fwp%2Fv2%2Fcomments&post=21"}],"version-history":[{"count":36,"href":"http:\/\/nvz-ch.org\/index.php?rest_route=\/wp\/v2\/pages\/21\/revisions"}],"predecessor-version":[{"id":568,"href":"http:\/\/nvz-ch.org\/index.php?rest_route=\/wp\/v2\/pages\/21\/revisions\/568"}],"wp:attachment":[{"href":"http:\/\/nvz-ch.org\/index.php?rest_route=%2Fwp%2Fv2%2Fmedia&parent=21"}],"curies":[{"name":"wp","href":"https:\/\/api.w.org\/{rel}","templated":true}]}}